{"id":49,"date":"2016-09-09T06:07:25","date_gmt":"2016-09-09T05:07:25","guid":{"rendered":"http:\/\/camping-aisne.fr\/?page_id=49"},"modified":"2019-04-08T10:35:53","modified_gmt":"2019-04-08T09:35:53","slug":"les-emplacements-tentes-caravanes-et-camping-cars-du-camping","status":"publish","type":"page","link":"https:\/\/camping-aisne.fr\/index.php\/les-emplacements-tentes-caravanes-et-camping-cars-du-camping\/","title":{"rendered":"NOS EMPLACEMENTS !"},"content":{"rendered":"<hr \/>\n<h1><\/h1>\n<h1 style=\"text-align: center;\"><span style=\"color: #008000;\"><strong>L&#8217;emplacement ?<\/strong><\/span><\/h1>\n<h1 style=\"text-align: center;\"><span style=\"color: #008000;\"><strong>C&rsquo;est vous qui choisissez !<\/strong><\/span><\/h1>\n<p>Une quarantaine d&#8217;emplacements n&rsquo;attendent que vous\u00a0 !<\/p>\n<p>Des <strong>petits<\/strong> ou bien des <strong>grands<\/strong>&#8230; A l&rsquo;<strong>ombre<\/strong> au petit matin et au <strong>soleil<\/strong> dans l&rsquo;apr\u00e8s-midi et vice-versa&#8230;Les pieds dans l&rsquo;<strong>herbe<\/strong> ou dans le <strong>sable<\/strong>&#8230;<strong>\u00a0Proche<\/strong>\u00a0des <strong>sanitaires<\/strong> ou de la <strong>piscine<\/strong>&#8230; <strong>C\u00f4te \u00e0 c\u00f4te<\/strong> avec vos <strong>compagnons de route<\/strong>&#8230; Vous trouverez forc\u00e9ment votre bonheur !<\/p>\n<h3><strong>A SAVOIR :<\/strong><\/h3>\n<ul>\n<li><strong>Nos emplacements<\/strong> se situent au c\u0153ur de grands ch\u00eanes dont certains sont centenaires et sont <strong>d\u00e9limit\u00e9s<\/strong> par de petites haies ni trop grandes, ni trop petites !<\/li>\n<li style=\"text-align: left;\">Chaque emplacement dispose d&rsquo;une puissance \u00e9lectrique de <strong>10 amp\u00e8res<\/strong>.<\/li>\n<li>Malgr\u00e9 la <strong>multitude d&rsquo;arbre<\/strong>,<strong> quelques emplacements<\/strong> assurent une <strong>bonne\u00a0<\/strong><b>r\u00e9ception<\/b>\u00a0pour votre t\u00e9l\u00e9vision.<\/li>\n<\/ul>\n<p>Quelques photos ci-dessous :<\/p>\n<p style=\"text-align: center;\"><a href=\"https:\/\/camping-aisne.fr\/wp-content\/uploads\/2016\/09\/aire-de-camping-car-tente-caravaning-aisne-picardie-la-chenaie.jpg\" rel=\"lightbox[49]\"><img loading=\"lazy\" decoding=\"async\" class=\"aligncenter size-large wp-image-117\" src=\"https:\/\/camping-aisne.fr\/wp-content\/uploads\/2016\/09\/aire-de-camping-car-tente-caravaning-aisne-picardie-la-chenaie-1024x768.jpg\" alt=\"aire-de-camping-car-tente-caravaning-aisne-picardie-la-chenaie\" width=\"1024\" height=\"768\" srcset=\"https:\/\/camping-aisne.fr\/wp-content\/uploads\/2016\/09\/aire-de-camping-car-tente-caravaning-aisne-picardie-la-chenaie.jpg 1024w, https:\/\/camping-aisne.fr\/wp-content\/uploads\/2016\/09\/aire-de-camping-car-tente-caravaning-aisne-picardie-la-chenaie-300x225.jpg 300w, https:\/\/camping-aisne.fr\/wp-content\/uploads\/2016\/09\/aire-de-camping-car-tente-caravaning-aisne-picardie-la-chenaie-768x576.jpg 768w\" sizes=\"auto, (max-width: 1024px) 100vw, 1024px\" \/><\/a><\/p>\n<p style=\"text-align: center;\"><a href=\"https:\/\/camping-aisne.fr\/wp-content\/uploads\/2016\/09\/camping-avec-emplacements-tente-caravane-camping-car-laon-aisne.jpg\" rel=\"lightbox[49]\"><img loading=\"lazy\" decoding=\"async\" class=\"aligncenter size-large wp-image-118\" src=\"https:\/\/camping-aisne.fr\/wp-content\/uploads\/2016\/09\/camping-avec-emplacements-tente-caravane-camping-car-laon-aisne-1024x768.jpg\" alt=\"camping-avec-emplacements-tente-caravane-camping-car-laon-aisne\" width=\"1024\" height=\"768\" srcset=\"https:\/\/camping-aisne.fr\/wp-content\/uploads\/2016\/09\/camping-avec-emplacements-tente-caravane-camping-car-laon-aisne.jpg 1024w, https:\/\/camping-aisne.fr\/wp-content\/uploads\/2016\/09\/camping-avec-emplacements-tente-caravane-camping-car-laon-aisne-300x225.jpg 300w, https:\/\/camping-aisne.fr\/wp-content\/uploads\/2016\/09\/camping-avec-emplacements-tente-caravane-camping-car-laon-aisne-768x576.jpg 768w\" sizes=\"auto, (max-width: 1024px) 100vw, 1024px\" \/><\/a><\/p>\n<p style=\"text-align: center;\"><a href=\"https:\/\/camping-aisne.fr\/wp-content\/uploads\/2016\/09\/emplacement-camping-car-tente-caravane-laon-aisne-picardie.jpg\" rel=\"lightbox[49]\"><img loading=\"lazy\" decoding=\"async\" class=\"aligncenter size-large wp-image-119\" src=\"https:\/\/camping-aisne.fr\/wp-content\/uploads\/2016\/09\/emplacement-camping-car-tente-caravane-laon-aisne-picardie-1024x768.jpg\" alt=\"emplacement-camping-car-tente-caravane-laon-aisne-picardie\" width=\"1024\" height=\"768\" srcset=\"https:\/\/camping-aisne.fr\/wp-content\/uploads\/2016\/09\/emplacement-camping-car-tente-caravane-laon-aisne-picardie.jpg 1024w, https:\/\/camping-aisne.fr\/wp-content\/uploads\/2016\/09\/emplacement-camping-car-tente-caravane-laon-aisne-picardie-300x225.jpg 300w, https:\/\/camping-aisne.fr\/wp-content\/uploads\/2016\/09\/emplacement-camping-car-tente-caravane-laon-aisne-picardie-768x576.jpg 768w\" sizes=\"auto, (max-width: 1024px) 100vw, 1024px\" \/><\/a><\/p>\n<p style=\"text-align: center;\"><a href=\"https:\/\/camping-aisne.fr\/wp-content\/uploads\/2016\/09\/emplacement-camping-ombrage-la-chenaie-aisne-picardie-hauts-de-france-nord.jpg\" rel=\"lightbox[49]\"><img loading=\"lazy\" decoding=\"async\" class=\"aligncenter size-large wp-image-120\" src=\"https:\/\/camping-aisne.fr\/wp-content\/uploads\/2016\/09\/emplacement-camping-ombrage-la-chenaie-aisne-picardie-hauts-de-france-nord-1024x768.jpg\" alt=\"emplacement-camping-ombrage-la-chenaie-aisne-picardie-hauts-de-france-nord\" width=\"1024\" height=\"768\" srcset=\"https:\/\/camping-aisne.fr\/wp-content\/uploads\/2016\/09\/emplacement-camping-ombrage-la-chenaie-aisne-picardie-hauts-de-france-nord.jpg 1024w, https:\/\/camping-aisne.fr\/wp-content\/uploads\/2016\/09\/emplacement-camping-ombrage-la-chenaie-aisne-picardie-hauts-de-france-nord-300x225.jpg 300w, https:\/\/camping-aisne.fr\/wp-content\/uploads\/2016\/09\/emplacement-camping-ombrage-la-chenaie-aisne-picardie-hauts-de-france-nord-768x576.jpg 768w\" sizes=\"auto, (max-width: 1024px) 100vw, 1024px\" \/><\/a><\/p>\n<h1 style=\"text-align: center;\"><span style=\"color: #008000;\"><strong>A tr\u00e8s vite !<\/strong><\/span><\/h1>\n<p>&nbsp;<\/p>\n","protected":false},"excerpt":{"rendered":"<p>L&#8217;emplacement ? C&rsquo;est vous qui choisissez ! Une quarantaine d&#8217;emplacements n&rsquo;attendent que vous\u00a0 ! Des petits ou bien des grands&#8230; A l&rsquo;ombre au petit matin et au soleil dans l&rsquo;apr\u00e8s-midi et vice-versa&#8230;Les pieds dans l&rsquo;herbe ou dans le sable&#8230;\u00a0Proche\u00a0des sanitaires ou de la piscine&#8230; C\u00f4te \u00e0 c\u00f4te avec vos compagnons de route&#8230; Vous trouverez forc\u00e9ment [&hellip;]<\/p>\n","protected":false},"author":1,"featured_media":0,"parent":0,"menu_order":0,"comment_status":"closed","ping_status":"closed","template":"","meta":{"_genesis_hide_title":false,"_genesis_hide_breadcrumbs":false,"_genesis_hide_singular_image":false,"_genesis_hide_footer_widgets":false,"_genesis_custom_body_class":"","_genesis_custom_post_class":"","_genesis_layout":"","iawp_total_views":971,"footnotes":""},"class_list":{"0":"post-49","1":"page","2":"type-page","3":"status-publish","5":"entry"},"yoast_head":"<!-- This site is optimized with the Yoast SEO plugin v26.9 - https:\/\/yoast.com\/product\/yoast-seo-wordpress\/ -->\n<title>NOS EMPLACEMENTS ! - Camping La Ch\u00eanaie Laon Aisne (02) Picardie<\/title>\n<meta name=\"description\" content=\"Le camping la Ch\u00eanaie \u00e0 Laon compte 40 emplacements pour camping-car, caravane, tente et autres ! Venez voir leurs caract\u00e9ristiques.\" \/>\n<meta name=\"robots\" content=\"index, follow, max-snippet:-1, max-image-preview:large, max-video-preview:-1\" \/>\n<link rel=\"canonical\" href=\"https:\/\/camping-aisne.fr\/index.php\/les-emplacements-tentes-caravanes-et-camping-cars-du-camping\/\" \/>\n<meta property=\"og:locale\" content=\"fr_FR\" \/>\n<meta property=\"og:type\" content=\"article\" \/>\n<meta property=\"og:title\" content=\"NOS EMPLACEMENTS ! - Camping La Ch\u00eanaie Laon Aisne (02) Picardie\" \/>\n<meta property=\"og:description\" content=\"Le camping la Ch\u00eanaie \u00e0 Laon compte 40 emplacements pour camping-car, caravane, tente et autres ! Venez voir leurs caract\u00e9ristiques.\" \/>\n<meta property=\"og:url\" content=\"https:\/\/camping-aisne.fr\/index.php\/les-emplacements-tentes-caravanes-et-camping-cars-du-camping\/\" \/>\n<meta property=\"og:site_name\" content=\"Camping La Ch\u00eanaie Laon Aisne (02) Picardie\" \/>\n<meta property=\"article:modified_time\" content=\"2019-04-08T09:35:53+00:00\" \/>\n<meta property=\"og:image\" content=\"https:\/\/camping-aisne.fr\/wp-content\/uploads\/2016\/09\/aire-de-camping-car-tente-caravaning-aisne-picardie-la-chenaie-1024x768.jpg\" \/>\n<meta name=\"twitter:card\" content=\"summary_large_image\" \/>\n<meta name=\"twitter:label1\" content=\"Dur\u00e9e de lecture estim\u00e9e\" \/>\n\t<meta name=\"twitter:data1\" content=\"1 minute\" \/>\n<script type=\"application\/ld+json\" class=\"yoast-schema-graph\">{\"@context\":\"https:\/\/schema.org\",\"@graph\":[{\"@type\":\"WebPage\",\"@id\":\"https:\/\/camping-aisne.fr\/index.php\/les-emplacements-tentes-caravanes-et-camping-cars-du-camping\/\",\"url\":\"https:\/\/camping-aisne.fr\/index.php\/les-emplacements-tentes-caravanes-et-camping-cars-du-camping\/\",\"name\":\"NOS EMPLACEMENTS ! - Camping La Ch\u00eanaie Laon Aisne (02) Picardie\",\"isPartOf\":{\"@id\":\"https:\/\/camping-aisne.fr\/#website\"},\"primaryImageOfPage\":{\"@id\":\"https:\/\/camping-aisne.fr\/index.php\/les-emplacements-tentes-caravanes-et-camping-cars-du-camping\/#primaryimage\"},\"image\":{\"@id\":\"https:\/\/camping-aisne.fr\/index.php\/les-emplacements-tentes-caravanes-et-camping-cars-du-camping\/#primaryimage\"},\"thumbnailUrl\":\"https:\/\/camping-aisne.fr\/wp-content\/uploads\/2016\/09\/aire-de-camping-car-tente-caravaning-aisne-picardie-la-chenaie-1024x768.jpg\",\"datePublished\":\"2016-09-09T05:07:25+00:00\",\"dateModified\":\"2019-04-08T09:35:53+00:00\",\"description\":\"Le camping la Ch\u00eanaie \u00e0 Laon compte 40 emplacements pour camping-car, caravane, tente et autres ! Venez voir leurs caract\u00e9ristiques.\",\"breadcrumb\":{\"@id\":\"https:\/\/camping-aisne.fr\/index.php\/les-emplacements-tentes-caravanes-et-camping-cars-du-camping\/#breadcrumb\"},\"inLanguage\":\"fr-FR\",\"potentialAction\":[{\"@type\":\"ReadAction\",\"target\":[\"https:\/\/camping-aisne.fr\/index.php\/les-emplacements-tentes-caravanes-et-camping-cars-du-camping\/\"]}]},{\"@type\":\"ImageObject\",\"inLanguage\":\"fr-FR\",\"@id\":\"https:\/\/camping-aisne.fr\/index.php\/les-emplacements-tentes-caravanes-et-camping-cars-du-camping\/#primaryimage\",\"url\":\"https:\/\/camping-aisne.fr\/wp-content\/uploads\/2016\/09\/aire-de-camping-car-tente-caravaning-aisne-picardie-la-chenaie.jpg\",\"contentUrl\":\"https:\/\/camping-aisne.fr\/wp-content\/uploads\/2016\/09\/aire-de-camping-car-tente-caravaning-aisne-picardie-la-chenaie.jpg\",\"width\":1024,\"height\":768,\"caption\":\"aire-de-camping-car-tente-caravaning-aisne-picardie-la-chenaie\"},{\"@type\":\"BreadcrumbList\",\"@id\":\"https:\/\/camping-aisne.fr\/index.php\/les-emplacements-tentes-caravanes-et-camping-cars-du-camping\/#breadcrumb\",\"itemListElement\":[{\"@type\":\"ListItem\",\"position\":1,\"name\":\"Accueil\",\"item\":\"https:\/\/camping-aisne.fr\/\"},{\"@type\":\"ListItem\",\"position\":2,\"name\":\"NOS EMPLACEMENTS !\"}]},{\"@type\":\"WebSite\",\"@id\":\"https:\/\/camping-aisne.fr\/#website\",\"url\":\"https:\/\/camping-aisne.fr\/\",\"name\":\"Camping La Ch\u00eanaie Laon Aisne (02) Picardie\",\"description\":\"Camping aisne picardie hauts de france nord\",\"potentialAction\":[{\"@type\":\"SearchAction\",\"target\":{\"@type\":\"EntryPoint\",\"urlTemplate\":\"https:\/\/camping-aisne.fr\/?s={search_term_string}\"},\"query-input\":{\"@type\":\"PropertyValueSpecification\",\"valueRequired\":true,\"valueName\":\"search_term_string\"}}],\"inLanguage\":\"fr-FR\"}]}<\/script>\n<!-- \/ Yoast SEO plugin. -->","yoast_head_json":{"title":"NOS EMPLACEMENTS ! - Camping La Ch\u00eanaie Laon Aisne (02) Picardie","description":"Le camping la Ch\u00eanaie \u00e0 Laon compte 40 emplacements pour camping-car, caravane, tente et autres ! Venez voir leurs caract\u00e9ristiques.","robots":{"index":"index","follow":"follow","max-snippet":"max-snippet:-1","max-image-preview":"max-image-preview:large","max-video-preview":"max-video-preview:-1"},"canonical":"https:\/\/camping-aisne.fr\/index.php\/les-emplacements-tentes-caravanes-et-camping-cars-du-camping\/","og_locale":"fr_FR","og_type":"article","og_title":"NOS EMPLACEMENTS ! - Camping La Ch\u00eanaie Laon Aisne (02) Picardie","og_description":"Le camping la Ch\u00eanaie \u00e0 Laon compte 40 emplacements pour camping-car, caravane, tente et autres ! Venez voir leurs caract\u00e9ristiques.","og_url":"https:\/\/camping-aisne.fr\/index.php\/les-emplacements-tentes-caravanes-et-camping-cars-du-camping\/","og_site_name":"Camping La Ch\u00eanaie Laon Aisne (02) Picardie","article_modified_time":"2019-04-08T09:35:53+00:00","og_image":[{"url":"https:\/\/camping-aisne.fr\/wp-content\/uploads\/2016\/09\/aire-de-camping-car-tente-caravaning-aisne-picardie-la-chenaie-1024x768.jpg","type":"","width":"","height":""}],"twitter_card":"summary_large_image","twitter_misc":{"Dur\u00e9e de lecture estim\u00e9e":"1 minute"},"schema":{"@context":"https:\/\/schema.org","@graph":[{"@type":"WebPage","@id":"https:\/\/camping-aisne.fr\/index.php\/les-emplacements-tentes-caravanes-et-camping-cars-du-camping\/","url":"https:\/\/camping-aisne.fr\/index.php\/les-emplacements-tentes-caravanes-et-camping-cars-du-camping\/","name":"NOS EMPLACEMENTS ! - Camping La Ch\u00eanaie Laon Aisne (02) Picardie","isPartOf":{"@id":"https:\/\/camping-aisne.fr\/#website"},"primaryImageOfPage":{"@id":"https:\/\/camping-aisne.fr\/index.php\/les-emplacements-tentes-caravanes-et-camping-cars-du-camping\/#primaryimage"},"image":{"@id":"https:\/\/camping-aisne.fr\/index.php\/les-emplacements-tentes-caravanes-et-camping-cars-du-camping\/#primaryimage"},"thumbnailUrl":"https:\/\/camping-aisne.fr\/wp-content\/uploads\/2016\/09\/aire-de-camping-car-tente-caravaning-aisne-picardie-la-chenaie-1024x768.jpg","datePublished":"2016-09-09T05:07:25+00:00","dateModified":"2019-04-08T09:35:53+00:00","description":"Le camping la Ch\u00eanaie \u00e0 Laon compte 40 emplacements pour camping-car, caravane, tente et autres ! Venez voir leurs caract\u00e9ristiques.","breadcrumb":{"@id":"https:\/\/camping-aisne.fr\/index.php\/les-emplacements-tentes-caravanes-et-camping-cars-du-camping\/#breadcrumb"},"inLanguage":"fr-FR","potentialAction":[{"@type":"ReadAction","target":["https:\/\/camping-aisne.fr\/index.php\/les-emplacements-tentes-caravanes-et-camping-cars-du-camping\/"]}]},{"@type":"ImageObject","inLanguage":"fr-FR","@id":"https:\/\/camping-aisne.fr\/index.php\/les-emplacements-tentes-caravanes-et-camping-cars-du-camping\/#primaryimage","url":"https:\/\/camping-aisne.fr\/wp-content\/uploads\/2016\/09\/aire-de-camping-car-tente-caravaning-aisne-picardie-la-chenaie.jpg","contentUrl":"https:\/\/camping-aisne.fr\/wp-content\/uploads\/2016\/09\/aire-de-camping-car-tente-caravaning-aisne-picardie-la-chenaie.jpg","width":1024,"height":768,"caption":"aire-de-camping-car-tente-caravaning-aisne-picardie-la-chenaie"},{"@type":"BreadcrumbList","@id":"https:\/\/camping-aisne.fr\/index.php\/les-emplacements-tentes-caravanes-et-camping-cars-du-camping\/#breadcrumb","itemListElement":[{"@type":"ListItem","position":1,"name":"Accueil","item":"https:\/\/camping-aisne.fr\/"},{"@type":"ListItem","position":2,"name":"NOS EMPLACEMENTS !"}]},{"@type":"WebSite","@id":"https:\/\/camping-aisne.fr\/#website","url":"https:\/\/camping-aisne.fr\/","name":"Camping La Ch\u00eanaie Laon Aisne (02) Picardie","description":"Camping aisne picardie hauts de france nord","potentialAction":[{"@type":"SearchAction","target":{"@type":"EntryPoint","urlTemplate":"https:\/\/camping-aisne.fr\/?s={search_term_string}"},"query-input":{"@type":"PropertyValueSpecification","valueRequired":true,"valueName":"search_term_string"}}],"inLanguage":"fr-FR"}]}},"_links":{"self":[{"href":"https:\/\/camping-aisne.fr\/index.php\/wp-json\/wp\/v2\/pages\/49","targetHints":{"allow":["GET"]}}],"collection":[{"href":"https:\/\/camping-aisne.fr\/index.php\/wp-json\/wp\/v2\/pages"}],"about":[{"href":"https:\/\/camping-aisne.fr\/index.php\/wp-json\/wp\/v2\/types\/page"}],"author":[{"embeddable":true,"href":"https:\/\/camping-aisne.fr\/index.php\/wp-json\/wp\/v2\/users\/1"}],"replies":[{"embeddable":true,"href":"https:\/\/camping-aisne.fr\/index.php\/wp-json\/wp\/v2\/comments?post=49"}],"version-history":[{"count":16,"href":"https:\/\/camping-aisne.fr\/index.php\/wp-json\/wp\/v2\/pages\/49\/revisions"}],"predecessor-version":[{"id":431,"href":"https:\/\/camping-aisne.fr\/index.php\/wp-json\/wp\/v2\/pages\/49\/revisions\/431"}],"wp:attachment":[{"href":"https:\/\/camping-aisne.fr\/index.php\/wp-json\/wp\/v2\/media?parent=49"}],"curies":[{"name":"wp","href":"https:\/\/api.w.org\/{rel}","templated":true}]}}