{"id":9,"date":"2016-09-06T17:59:00","date_gmt":"2016-09-06T16:59:00","guid":{"rendered":"http:\/\/camping-aisne.fr\/?page_id=9"},"modified":"2023-05-20T10:10:58","modified_gmt":"2023-05-20T09:10:58","slug":"bienvenue-camping-chenaie-a-laon-02-aisne-picardie-hauts-de-france","status":"publish","type":"page","link":"https:\/\/camping-aisne.fr\/","title":{"rendered":"BIENVENUE AU CAMPING LA CH\u00caNAIE !"},"content":{"rendered":"<hr \/>\n<h5 style=\"text-align: center;\">\u00a0<\/h5>\n<p style=\"text-align: center;\"><b>R\u00e9servations en ligne disponibles d\u00e8s janvier<\/b><\/p>\n<p style=\"text-align: center;\">Nous avons h\u00e2te de vous recevoir !<\/p>\n<hr \/>\n<h3 style=\"text-align: center;\">\u00a0<\/h3>\n<p style=\"text-align: center;\"><div class=\"flexslider ewic-slider-lite is_on_\" id=\"ewic-con-3169f4a2c7d26b4\"><style>#ewic-con-3169f4a2c7d26b4, #ewic-con-3169f4a2c7d26b4 .ewic-wid-imgs { max-height: 300px;}<\/style><div id=\"preloader-3169f4a2c7d26b4\" class=\"sliderpreloader\"><\/div><ul style=\"display:none;\" class=\"slides flexslider-3169f4a2c7d26b4\"><li class=\"ewic-slider\"><img decoding=\"async\" title=\"camping-au-bord-d-un-lac-aisne-picardie-hauts-de-france-nord\" class=\"ewic-wid-imgs\" src=\"https:\/\/camping-aisne.fr\/wp-content\/uploads\/2016\/09\/Camping-au-bord-d-un-lac-aisne-picardie-hauts-de-france-nord-1.png\" \/><p class=\"flex-caption\">camping-au-bord-d-un-lac-aisne-picardie-hauts-de-france-nord<\/p><\/li><li class=\"ewic-slider\"><img decoding=\"async\" title=\"camping-location-mobile-home-aisne-picardie-hauts-de-france-nord-le-chenaie\" class=\"ewic-wid-imgs\" src=\"https:\/\/camping-aisne.fr\/wp-content\/uploads\/2016\/09\/camping-location-mobile-home-aisne-picardie-hauts-de-france-nord-le-chenaie.png\" \/><p class=\"flex-caption\">camping-location-mobile-home-aisne-picardie-hauts-de-france-nord-le-chenaie<\/p><\/li><li class=\"ewic-slider\"><img decoding=\"async\" title=\"camping-emplacement-tente-et-caravane-laon-aisne-picardie-hauts-de-france\" class=\"ewic-wid-imgs\" src=\"https:\/\/camping-aisne.fr\/wp-content\/uploads\/2016\/09\/camping-emplacement-tente-et-caravane-laon-aisne-picardie-hauts-de-france.png\" \/><p class=\"flex-caption\">camping-emplacement-tente-et-caravane-laon-aisne-picardie-hauts-de-france<\/p><\/li><li class=\"ewic-slider\"><img decoding=\"async\" title=\"CANARDS ETANG LAON 02000 CAMPING CHENAIE\" class=\"ewic-wid-imgs\" src=\"https:\/\/camping-aisne.fr\/wp-content\/uploads\/2018\/08\/P72200666.jpg\" \/><p class=\"flex-caption\">CANARDS ETANG LAON 02000 CAMPING CHENAIE<\/p><\/li><li class=\"ewic-slider\"><img decoding=\"async\" title=\"iPikkkkkkkkkkkkkkkccy-collage\" class=\"ewic-wid-imgs\" src=\"https:\/\/camping-aisne.fr\/wp-content\/uploads\/2018\/08\/iPikkkkkkkkkkkkkkkccy-collage.jpg\" \/><p class=\"flex-caption\">iPikkkkkkkkkkkkkkkccy-collage<\/p><\/li><li class=\"ewic-slider\"><img decoding=\"async\" title=\"CAMPSITE CAMPING LAON LA CHENAIE 02 AISNE FRANCE PICARDIE AIR DE SERVICE CAMPING-CAR NOUVEAU NEW\" class=\"ewic-wid-imgs\" src=\"https:\/\/camping-aisne.fr\/wp-content\/uploads\/2018\/08\/IMG_20180810_080956-01-e1535140290134.jpeg\" \/><p class=\"flex-caption\">CAMPSITE CAMPING LAON LA CHENAIE 02 AISNE FRANCE PICARDIE AIR DE SERVICE CAMPING-CAR NOUVEAU NEW<\/p><\/li><\/ul><script type=\"text\/javascript\">\r\n\tjQuery(document).ready(function($) {\r\n\r\n\t\t$(\"#preloader-3169f4a2c7d26b4\").fadeOut(500, function () {\r\n\r\n\t\t\t$(\"#ewic-con-3169f4a2c7d26b4\").addClass(\"ready_to_show\");\r\n\r\n\t\t\t$(\"a[rel^='ewicprettyPhoto[3169f4a2c7d26b4]']\").ewcPhoto({\r\n\t\t\t\ttheme: \"ewc_default\",\r\n\t\t\t\tallow_expand: false,\r\n\t\t\t\tdeeplinking: false,\r\n\t\t\t\tslideshow:5000,\r\n\t\t\t\tautoplay_slideshow:false,\r\n\t\t\t\tsocial_tools:false\r\n\t\t\t});\r\n\r\n\t\t\t$(\".flexslider-3169f4a2c7d26b4\").fadeIn(300);\r\n\r\n\t\t\t$(\"#ewic-con-3169f4a2c7d26b4\").flexslider({\r\n\t\t\t\tanimation: \"slide\",\r\n\t\t\t\tanimationSpeed: 0,\r\n\t\t\t\tuseCSS: false,\r\n\t\t\t\teasing: \"easeInQuad\",\r\n\t\t\t\tdirection: \"horizontal\",\r\n\t\t\t\tslideshow: true,\r\n\t\t\t\tsmoothHeight: true,\r\n\t\t\t\tpauseOnHover: true,\r\n\t\t\t\tcontrolNav: false,\r\n\t\t\t\tprevText: \"\",\r\n\t\t\t\tnextText: \"\",\r\n\t\t\t\trtl: false,\r\n\t\t\t\tslideshowSpeed: 2000,\r\n\t\t\t\tstart: function(slider){\r\n\t\t\t\t\t$(\"#ewic-con-3169f4a2c7d26b4\").find(\".flex-caption\").hide();\r\n\t\t\t\t\tvar curSlide = slider.find(\"li.flex-active-slide\");\r\n\t\t\t\t\t$(curSlide).find(\".flex-caption\").slideDown();\r\n\t\t\t\t},\r\n\t\t\t\tbefore: function(slider) {\r\n\t\t\t\t\t$(\"#ewic-con-3169f4a2c7d26b4\").find(\".flex-caption\").slideUp();\r\n\t\t\t\t},\r\n\t\t\t\tafter: function(slider) {\r\n\t\t\t\t\tvar curSlide = slider.find(\"li.flex-active-slide\");\r\n\t\t\t\t\t$(curSlide).find(\".flex-caption\").slideDown();\r\n\t\t\t\t}\r\n\r\n\t\t\t});\r\n\r\n\t\t});\r\n\r\n\t});\r\n<\/script><\/div>\r\n<\/p>\n<h2 style=\"text-align: center;\"><span style=\"color: #008000;\"><strong>Le camping est situ\u00e9 \u00e0 c\u00f4t\u00e9 d&rsquo;un \u00e9tang de p\u00eache sous les ch\u00eanes<\/strong><\/span><\/h2>\n<figure id=\"attachment_303\" aria-describedby=\"caption-attachment-303\" style=\"width: 4160px\" class=\"wp-caption aligncenter\"><img loading=\"lazy\" decoding=\"async\" class=\"size-full wp-image-303\" src=\"https:\/\/camping-aisne.fr\/wp-content\/uploads\/2018\/08\/IMG_20180421_115101-01-e1535137756542.jpeg\" alt=\"\" width=\"4160\" height=\"3120\" srcset=\"https:\/\/camping-aisne.fr\/wp-content\/uploads\/2018\/08\/IMG_20180421_115101-01-e1535137756542.jpeg 4160w, https:\/\/camping-aisne.fr\/wp-content\/uploads\/2018\/08\/IMG_20180421_115101-01-e1535137756542-300x225.jpeg 300w, https:\/\/camping-aisne.fr\/wp-content\/uploads\/2018\/08\/IMG_20180421_115101-01-e1535137756542-768x576.jpeg 768w, https:\/\/camping-aisne.fr\/wp-content\/uploads\/2018\/08\/IMG_20180421_115101-01-e1535137756542-1024x768.jpeg 1024w\" sizes=\"auto, (max-width: 4160px) 100vw, 4160px\" \/><figcaption id=\"caption-attachment-303\" class=\"wp-caption-text\">Vue de la r\u00e9ception et du bar.<\/figcaption><\/figure>\n<p style=\"text-align: left;\">Sous l&rsquo;ombre des ch\u00eanes et \u00e0 proximit\u00e9 d&rsquo;un \u00e9tang de p\u00eache vous profiterez d&rsquo;un acc\u00e8s direct \u00e0 la cit\u00e9 m\u00e9di\u00e9vale de Laon en empruntant les grimpettes.<\/p>\n<p style=\"text-align: left;\"><span style=\"color: #008000;\"><strong>Le camping de Laon vous offre dans un cadre de qui\u00e9tude :<\/strong><\/span><\/p>\n<ul>\n<li>55 emplacements<\/li>\n<li>Une piscine couverte et chauff\u00e9e<\/li>\n<li>Un bloc sanitaire avec douche, lavabo et toilette PMR<\/li>\n<li>Une structure gonflable pour enfants<\/li>\n<li>Un terrain de p\u00e9tanque\u00a0<\/li>\n<li>Un aire de services camping-cars<\/li>\n<li>7\u00a0mobil-homes\u00a0tout confort<\/li>\n<li>1 bar<\/li>\n<\/ul>\n<p><span style=\"color: #008000;\"><strong>INFORMATIONS PRATIQUES :<\/strong><\/span><\/p>\n<ul>\n<li>Nos <strong>amis<\/strong> \u00e0 <strong>quatre pattes<\/strong> sont les bienvenus sur nos emplacements !\u00a0<img loading=\"lazy\" decoding=\"async\" class=\"alignnone wp-image-320\" src=\"https:\/\/camping-aisne.fr\/wp-content\/uploads\/2018\/08\/footprints-309158_960_720-150x150.png\" alt=\"\" width=\"29\" height=\"29\" \/><\/li>\n<li>La r\u00e9ception est ouverte de<strong> 8 heures \u00e0 12 heures<\/strong> puis de <strong>13 heures \u00e0 20 heures<\/strong> !<strong>\u00a0<\/strong><\/li>\n<li>Un <strong>arr\u00eat de bus<\/strong> se trouve \u00e0 <strong>5 minutes de marche<\/strong> de notre camping (car les grimpettes portent bien leur nom !)<\/li>\n<li>Un <strong>supermarch\u00e9<\/strong> se situe \u00e0 <strong>30 minutes de marche <\/strong>de notre site.<\/li>\n<li><strong>Le camping \u00e9volue<\/strong>\u00a0progressivement pour toujours mieux vous satisfaire !<\/li>\n<li>L&rsquo;<strong>\u00e9tang<\/strong> ne nous appartient pas, il vous faudra donc <strong>une carte<\/strong> pour p\u00eacher !<\/li>\n<li>Les <strong>visites<\/strong> sont autoris\u00e9es \u00e0 4.50\u20ac\/personne\/jour.<\/li>\n<li><strong><span style=\"color: #800000;\">Attention :<\/span><\/strong> Seuls les <strong>barbecues gaz<\/strong> ou<strong> \u00e9lectrique<\/strong> sont autoris\u00e9s sur le camping !<\/li>\n<\/ul>\n<p>Vous trouverez sur notre site quelques informations pratiques et touristiques qui vous permettront de passer un agr\u00e9able s\u00e9jour dans notre r\u00e9gion !<\/p>\n<hr \/>\n<h2>\u00a0<\/h2>\n<h1 style=\"text-align: center;\"><span style=\"color: #008000;\"><strong>Quelques activit\u00e9s :<\/strong><\/span><\/h1>\n<ul>\n<li style=\"text-align: left;\">\n<h3><strong>Sophie la girafe !<\/strong><\/h3>\n<figure id=\"attachment_323\" aria-describedby=\"caption-attachment-323\" style=\"width: 1024px\" class=\"wp-caption aligncenter\"><img loading=\"lazy\" decoding=\"async\" class=\"wp-image-323 size-large\" src=\"https:\/\/camping-aisne.fr\/wp-content\/uploads\/2018\/08\/Collage-1024x655.jpg\" alt=\"\" width=\"1024\" height=\"655\" srcset=\"https:\/\/camping-aisne.fr\/wp-content\/uploads\/2018\/08\/Collage-1024x655.jpg 1024w, https:\/\/camping-aisne.fr\/wp-content\/uploads\/2018\/08\/Collage-300x192.jpg 300w, https:\/\/camping-aisne.fr\/wp-content\/uploads\/2018\/08\/Collage-768x491.jpg 768w\" sizes=\"auto, (max-width: 1024px) 100vw, 1024px\" \/><figcaption id=\"caption-attachment-323\" class=\"wp-caption-text\">Photo prise en 2017.<\/figcaption><\/figure>\n<\/li>\n<li>\n<h3><strong>Un trio rebondissant !<\/strong><\/h3>\n<\/li>\n<\/ul>\n<figure id=\"attachment_324\" aria-describedby=\"caption-attachment-324\" style=\"width: 1024px\" class=\"wp-caption aligncenter\"><img loading=\"lazy\" decoding=\"async\" class=\"wp-image-324 size-large\" title=\"Nos fid\u00e8les destriers pour les tout petits en qu\u00eates d'aventures... rebondissantes !\" src=\"https:\/\/camping-aisne.fr\/wp-content\/uploads\/2018\/08\/IMG_20180421_171207-01-e1535567559760-1024x768.jpeg\" alt=\"\" width=\"1024\" height=\"768\" srcset=\"https:\/\/camping-aisne.fr\/wp-content\/uploads\/2018\/08\/IMG_20180421_171207-01-e1535567559760-1024x768.jpeg 1024w, https:\/\/camping-aisne.fr\/wp-content\/uploads\/2018\/08\/IMG_20180421_171207-01-e1535567559760-300x225.jpeg 300w, https:\/\/camping-aisne.fr\/wp-content\/uploads\/2018\/08\/IMG_20180421_171207-01-e1535567559760-768x576.jpeg 768w\" sizes=\"auto, (max-width: 1024px) 100vw, 1024px\" \/><figcaption id=\"caption-attachment-324\" class=\"wp-caption-text\">Nos fid\u00e8les destriers pour les tout petits en qu\u00eates d&rsquo;aventures&#8230; rebondissantes !<\/figcaption><\/figure>\n<hr \/>\n<h2 style=\"text-align: center;\"><span style=\"color: #008000;\"><strong>REJOIGNEZ-NOUS :<\/strong><\/span><\/h2>\n<p>Suivez notre progression sur notre page :\u00a0<strong><a href=\"https:\/\/www.facebook.com\/lachenaiecamping\/\">FACEBOOK<\/a><\/strong><\/p>\n<p>Nous sommes aussi sur : <strong><a href=\"https:\/\/www.instagram.com\/campinglaon\/\">INSTAGRAM\u00a0<\/a><\/strong><\/p>\n<p>Laissez-nous votre :\u00a0<strong><a href=\"https:\/\/www.tripadvisor.fr\/Hotel_Review-g187202-d2427746-Reviews-Camping_la_Chenaie-Laon_Aisne_Hauts_de_France.html\">AVIS<\/a><\/strong><\/p>\n<hr \/>\n<h2 style=\"text-align: center;\"><strong><span style=\"color: #008000;\">\u00a0Acc\u00e9dez maintenant \u00e0 la r\u00e9servation en ligne !\u00a0<\/span><\/strong><\/h2>\n<p><a href=\"https:\/\/bookingpremium.secureholiday.net\/fr\/13153\/\" target=\"_blank\" rel=\"noopener noreferrer\"><br \/><img loading=\"lazy\" decoding=\"async\" class=\"aligncenter wp-image-284 size-full\" src=\"https:\/\/camping-aisne.fr\/wp-content\/uploads\/2018\/03\/reservation-mobile-home-emplacement-tente-camping-car-laon-02-aisne-1.png\" alt=\"reservation mobile home emplacement tente camping car laon 02 aisne\" width=\"327\" height=\"59\" srcset=\"https:\/\/camping-aisne.fr\/wp-content\/uploads\/2018\/03\/reservation-mobile-home-emplacement-tente-camping-car-laon-02-aisne-1.png 327w, https:\/\/camping-aisne.fr\/wp-content\/uploads\/2018\/03\/reservation-mobile-home-emplacement-tente-camping-car-laon-02-aisne-1-300x54.png 300w\" sizes=\"auto, (max-width: 327px) 100vw, 327px\" \/><\/a><\/p>\n<p style=\"text-align: center;\">Merci de l&rsquo;int\u00e9r\u00eat que vous portez \u00e0 notre camping.<\/p>\n<p style=\"text-align: center;\">A tr\u00e8s bient\u00f4t !<\/p>\n<hr \/>\n\n\n<p><\/p>\n","protected":false},"excerpt":{"rendered":"<p>\u00a0 R\u00e9servations en ligne disponibles d\u00e8s janvier Nous avons h\u00e2te de vous recevoir ! \u00a0 Le camping est situ\u00e9 \u00e0 c\u00f4t\u00e9 d&rsquo;un \u00e9tang de p\u00eache sous les ch\u00eanes Sous l&rsquo;ombre des ch\u00eanes et \u00e0 proximit\u00e9 d&rsquo;un \u00e9tang de p\u00eache vous profiterez d&rsquo;un acc\u00e8s direct \u00e0 la cit\u00e9 m\u00e9di\u00e9vale de Laon en empruntant les grimpettes. Le [&hellip;]<\/p>\n","protected":false},"author":1,"featured_media":0,"parent":0,"menu_order":0,"comment_status":"closed","ping_status":"closed","template":"","meta":{"_genesis_hide_title":false,"_genesis_hide_breadcrumbs":false,"_genesis_hide_singular_image":false,"_genesis_hide_footer_widgets":false,"_genesis_custom_body_class":"","_genesis_custom_post_class":"","_genesis_layout":"full-width-content","iawp_total_views":4561,"footnotes":""},"class_list":{"0":"post-9","1":"page","2":"type-page","3":"status-publish","5":"entry"},"yoast_head":"<!-- This site is optimized with the Yoast SEO plugin v26.9 - https:\/\/yoast.com\/product\/yoast-seo-wordpress\/ -->\n<title>Camping la Ch\u00eanaie - Dans l&#039;Aisne (02) en Picardie - Haut-de-France<\/title>\n<meta name=\"description\" content=\"Bienvenue au camping 3 \u00e9toiles \u00ab La Ch\u00eanaie \u00bb de Laon (02 Aisne - Picardie - Les Hauts de France). R\u00e9servation en ligne sur notre site.\" \/>\n<meta name=\"robots\" content=\"index, follow, max-snippet:-1, max-image-preview:large, max-video-preview:-1\" \/>\n<link rel=\"canonical\" href=\"https:\/\/camping-aisne.fr\/\" \/>\n<meta property=\"og:locale\" content=\"fr_FR\" \/>\n<meta property=\"og:type\" content=\"article\" \/>\n<meta property=\"og:title\" content=\"Camping la Ch\u00eanaie - Dans l&#039;Aisne (02) en Picardie - Haut-de-France\" \/>\n<meta property=\"og:description\" content=\"Bienvenue au camping 3 \u00e9toiles \u00ab La Ch\u00eanaie \u00bb de Laon (02 Aisne - Picardie - Les Hauts de France). R\u00e9servation en ligne sur notre site.\" \/>\n<meta property=\"og:url\" content=\"https:\/\/camping-aisne.fr\/\" \/>\n<meta property=\"og:site_name\" content=\"Camping La Ch\u00eanaie Laon Aisne (02) Picardie\" \/>\n<meta property=\"article:modified_time\" content=\"2023-05-20T09:10:58+00:00\" \/>\n<meta property=\"og:image\" content=\"https:\/\/camping-aisne.fr\/wp-content\/uploads\/2018\/08\/IMG_20180421_115101-01-e1535137756542.jpeg\" \/>\n<meta name=\"twitter:card\" content=\"summary_large_image\" \/>\n<meta name=\"twitter:label1\" content=\"Dur\u00e9e de lecture estim\u00e9e\" \/>\n\t<meta name=\"twitter:data1\" content=\"3 minutes\" \/>\n<script type=\"application\/ld+json\" class=\"yoast-schema-graph\">{\"@context\":\"https:\/\/schema.org\",\"@graph\":[{\"@type\":\"WebPage\",\"@id\":\"https:\/\/camping-aisne.fr\/\",\"url\":\"https:\/\/camping-aisne.fr\/\",\"name\":\"Camping la Ch\u00eanaie - Dans l'Aisne (02) en Picardie - Haut-de-France\",\"isPartOf\":{\"@id\":\"https:\/\/camping-aisne.fr\/#website\"},\"primaryImageOfPage\":{\"@id\":\"https:\/\/camping-aisne.fr\/#primaryimage\"},\"image\":{\"@id\":\"https:\/\/camping-aisne.fr\/#primaryimage\"},\"thumbnailUrl\":\"https:\/\/camping-aisne.fr\/wp-content\/uploads\/2018\/08\/IMG_20180421_115101-01-e1535137756542.jpeg\",\"datePublished\":\"2016-09-06T16:59:00+00:00\",\"dateModified\":\"2023-05-20T09:10:58+00:00\",\"description\":\"Bienvenue au camping 3 \u00e9toiles \u00ab La Ch\u00eanaie \u00bb de Laon (02 Aisne - Picardie - Les Hauts de France). R\u00e9servation en ligne sur notre site.\",\"breadcrumb\":{\"@id\":\"https:\/\/camping-aisne.fr\/#breadcrumb\"},\"inLanguage\":\"fr-FR\",\"potentialAction\":[{\"@type\":\"ReadAction\",\"target\":[\"https:\/\/camping-aisne.fr\/\"]}]},{\"@type\":\"ImageObject\",\"inLanguage\":\"fr-FR\",\"@id\":\"https:\/\/camping-aisne.fr\/#primaryimage\",\"url\":\"https:\/\/camping-aisne.fr\/wp-content\/uploads\/2018\/08\/IMG_20180421_115101-01-e1535137756542.jpeg\",\"contentUrl\":\"https:\/\/camping-aisne.fr\/wp-content\/uploads\/2018\/08\/IMG_20180421_115101-01-e1535137756542.jpeg\",\"width\":4160,\"height\":3120,\"caption\":\"Vue de la r\u00e9ception et du bar.\"},{\"@type\":\"BreadcrumbList\",\"@id\":\"https:\/\/camping-aisne.fr\/#breadcrumb\",\"itemListElement\":[{\"@type\":\"ListItem\",\"position\":1,\"name\":\"Accueil\",\"item\":\"https:\/\/camping-aisne.fr\/\"},{\"@type\":\"ListItem\",\"position\":2,\"name\":\"BIENVENUE AU CAMPING LA CH\u00caNAIE !\"}]},{\"@type\":\"WebSite\",\"@id\":\"https:\/\/camping-aisne.fr\/#website\",\"url\":\"https:\/\/camping-aisne.fr\/\",\"name\":\"Camping La Ch\u00eanaie Laon Aisne (02) Picardie\",\"description\":\"Camping aisne picardie hauts de france nord\",\"potentialAction\":[{\"@type\":\"SearchAction\",\"target\":{\"@type\":\"EntryPoint\",\"urlTemplate\":\"https:\/\/camping-aisne.fr\/?s={search_term_string}\"},\"query-input\":{\"@type\":\"PropertyValueSpecification\",\"valueRequired\":true,\"valueName\":\"search_term_string\"}}],\"inLanguage\":\"fr-FR\"}]}<\/script>\n<!-- \/ Yoast SEO plugin. -->","yoast_head_json":{"title":"Camping la Ch\u00eanaie - Dans l'Aisne (02) en Picardie - Haut-de-France","description":"Bienvenue au camping 3 \u00e9toiles \u00ab La Ch\u00eanaie \u00bb de Laon (02 Aisne - Picardie - Les Hauts de France). R\u00e9servation en ligne sur notre site.","robots":{"index":"index","follow":"follow","max-snippet":"max-snippet:-1","max-image-preview":"max-image-preview:large","max-video-preview":"max-video-preview:-1"},"canonical":"https:\/\/camping-aisne.fr\/","og_locale":"fr_FR","og_type":"article","og_title":"Camping la Ch\u00eanaie - Dans l'Aisne (02) en Picardie - Haut-de-France","og_description":"Bienvenue au camping 3 \u00e9toiles \u00ab La Ch\u00eanaie \u00bb de Laon (02 Aisne - Picardie - Les Hauts de France). R\u00e9servation en ligne sur notre site.","og_url":"https:\/\/camping-aisne.fr\/","og_site_name":"Camping La Ch\u00eanaie Laon Aisne (02) Picardie","article_modified_time":"2023-05-20T09:10:58+00:00","og_image":[{"url":"https:\/\/camping-aisne.fr\/wp-content\/uploads\/2018\/08\/IMG_20180421_115101-01-e1535137756542.jpeg","type":"","width":"","height":""}],"twitter_card":"summary_large_image","twitter_misc":{"Dur\u00e9e de lecture estim\u00e9e":"3 minutes"},"schema":{"@context":"https:\/\/schema.org","@graph":[{"@type":"WebPage","@id":"https:\/\/camping-aisne.fr\/","url":"https:\/\/camping-aisne.fr\/","name":"Camping la Ch\u00eanaie - Dans l'Aisne (02) en Picardie - Haut-de-France","isPartOf":{"@id":"https:\/\/camping-aisne.fr\/#website"},"primaryImageOfPage":{"@id":"https:\/\/camping-aisne.fr\/#primaryimage"},"image":{"@id":"https:\/\/camping-aisne.fr\/#primaryimage"},"thumbnailUrl":"https:\/\/camping-aisne.fr\/wp-content\/uploads\/2018\/08\/IMG_20180421_115101-01-e1535137756542.jpeg","datePublished":"2016-09-06T16:59:00+00:00","dateModified":"2023-05-20T09:10:58+00:00","description":"Bienvenue au camping 3 \u00e9toiles \u00ab La Ch\u00eanaie \u00bb de Laon (02 Aisne - Picardie - Les Hauts de France). R\u00e9servation en ligne sur notre site.","breadcrumb":{"@id":"https:\/\/camping-aisne.fr\/#breadcrumb"},"inLanguage":"fr-FR","potentialAction":[{"@type":"ReadAction","target":["https:\/\/camping-aisne.fr\/"]}]},{"@type":"ImageObject","inLanguage":"fr-FR","@id":"https:\/\/camping-aisne.fr\/#primaryimage","url":"https:\/\/camping-aisne.fr\/wp-content\/uploads\/2018\/08\/IMG_20180421_115101-01-e1535137756542.jpeg","contentUrl":"https:\/\/camping-aisne.fr\/wp-content\/uploads\/2018\/08\/IMG_20180421_115101-01-e1535137756542.jpeg","width":4160,"height":3120,"caption":"Vue de la r\u00e9ception et du bar."},{"@type":"BreadcrumbList","@id":"https:\/\/camping-aisne.fr\/#breadcrumb","itemListElement":[{"@type":"ListItem","position":1,"name":"Accueil","item":"https:\/\/camping-aisne.fr\/"},{"@type":"ListItem","position":2,"name":"BIENVENUE AU CAMPING LA CH\u00caNAIE !"}]},{"@type":"WebSite","@id":"https:\/\/camping-aisne.fr\/#website","url":"https:\/\/camping-aisne.fr\/","name":"Camping La Ch\u00eanaie Laon Aisne (02) Picardie","description":"Camping aisne picardie hauts de france nord","potentialAction":[{"@type":"SearchAction","target":{"@type":"EntryPoint","urlTemplate":"https:\/\/camping-aisne.fr\/?s={search_term_string}"},"query-input":{"@type":"PropertyValueSpecification","valueRequired":true,"valueName":"search_term_string"}}],"inLanguage":"fr-FR"}]}},"_links":{"self":[{"href":"https:\/\/camping-aisne.fr\/index.php\/wp-json\/wp\/v2\/pages\/9","targetHints":{"allow":["GET"]}}],"collection":[{"href":"https:\/\/camping-aisne.fr\/index.php\/wp-json\/wp\/v2\/pages"}],"about":[{"href":"https:\/\/camping-aisne.fr\/index.php\/wp-json\/wp\/v2\/types\/page"}],"author":[{"embeddable":true,"href":"https:\/\/camping-aisne.fr\/index.php\/wp-json\/wp\/v2\/users\/1"}],"replies":[{"embeddable":true,"href":"https:\/\/camping-aisne.fr\/index.php\/wp-json\/wp\/v2\/comments?post=9"}],"version-history":[{"count":92,"href":"https:\/\/camping-aisne.fr\/index.php\/wp-json\/wp\/v2\/pages\/9\/revisions"}],"predecessor-version":[{"id":1025,"href":"https:\/\/camping-aisne.fr\/index.php\/wp-json\/wp\/v2\/pages\/9\/revisions\/1025"}],"wp:attachment":[{"href":"https:\/\/camping-aisne.fr\/index.php\/wp-json\/wp\/v2\/media?parent=9"}],"curies":[{"name":"wp","href":"https:\/\/api.w.org\/{rel}","templated":true}]}}